{"id":14486,"date":"2023-01-23T10:31:54","date_gmt":"2023-01-23T08:31:54","guid":{"rendered":"https:\/\/himos.fi\/?post_type=mec-events&#038;p=14486"},"modified":"2023-03-16T12:47:22","modified_gmt":"2023-03-16T10:47:22","slug":"erityisliikkujien-talvipaiva-lansirinteet-2-556","status":"publish","type":"mec-events","link":"https:\/\/himos.fi\/en\/events\/erityisliikkujien-talvipaiva-lansirinteet-2-556\/","title":{"rendered":"Erityisliikkujien Talvip\u00e4iv\u00e4 2023, L\u00e4nsirinteet"},"content":{"rendered":"<p>Tapahtuma on tarkoitettu kaikille erityisliikkujille niin lapsille kuin aikuisille sek\u00e4 heid\u00e4n yst\u00e4villeen, jotka ovat kiinnostuneita talvisista liikuntalajeista. Tarjolla on mukavaa menoa ja rentoa meininki\u00e4 hyv\u00e4ss\u00e4 seurassa! Tapahtuman j\u00e4rjest\u00e4\u00e4 J\u00e4ms\u00e4n kaupunki. <a href=\"https:\/\/himos.fi\/wp-content\/uploads\/2023\/03\/Talvipaiva-2023-muokattu.pdf\" target=\"_blank\" rel=\"noopener\">Lue Lis\u00e4\u00e4.<\/a><\/p>\n","protected":false},"excerpt":{"rendered":"<p>Tapahtuma on tarkoitettu kaikille erityisliikkujille niin lapsille kuin aikuisille sek\u00e4 heid\u00e4n yst\u00e4villeen, jotka ovat kiinnostuneita talvisista liikuntalajeista. Tarjolla on mukavaa menoa ja rentoa meininki\u00e4 hyv\u00e4ss\u00e4 seurassa! Tapahtuman j\u00e4rjest\u00e4\u00e4 J\u00e4ms\u00e4n kaupunki. Lue Lis\u00e4\u00e4.<\/p>\n","protected":false},"author":2,"featured_media":1608,"comment_status":"open","ping_status":"closed","template":"","tags":[],"mec_category":[],"acf":[],"yoast_head":"<!-- This site is optimized with the Yoast SEO plugin v19.11 - https:\/\/yoast.com\/wordpress\/plugins\/seo\/ -->\n<title>Erityisliikkujien Talvip\u00e4iv\u00e4 2023, L\u00e4nsirinteet - Himos.fi<\/title>\n<meta name=\"robots\" content=\"index, follow, max-snippet:-1, max-image-preview:large, max-video-preview:-1\" \/>\n<link rel=\"canonical\" href=\"https:\/\/himos.fi\/en\/events\/erityisliikkujien-talvipaiva-lansirinteet-2-556\/\" \/>\n<meta property=\"og:locale\" content=\"en_US\" \/>\n<meta property=\"og:type\" content=\"article\" \/>\n<meta property=\"og:title\" content=\"Erityisliikkujien Talvip\u00e4iv\u00e4 2023, L\u00e4nsirinteet - Himos.fi\" \/>\n<meta property=\"og:description\" content=\"Tapahtuma on tarkoitettu kaikille erityisliikkujille niin lapsille kuin aikuisille sek\u00e4 heid\u00e4n yst\u00e4villeen, jotka ovat kiinnostuneita talvisista liikuntalajeista. Tarjolla on mukavaa menoa ja rentoa meininki\u00e4 hyv\u00e4ss\u00e4 seurassa! Tapahtuman j\u00e4rjest\u00e4\u00e4 J\u00e4ms\u00e4n kaupunki. Lue Lis\u00e4\u00e4.\" \/>\n<meta property=\"og:url\" content=\"https:\/\/himos.fi\/en\/events\/erityisliikkujien-talvipaiva-lansirinteet-2-556\/\" \/>\n<meta property=\"og:site_name\" content=\"Himos.fi\" \/>\n<meta property=\"article:publisher\" content=\"https:\/\/www.facebook.com\/himosskiresort\/\" \/>\n<meta property=\"article:modified_time\" content=\"2023-03-16T10:47:22+00:00\" \/>\n<meta property=\"og:image\" content=\"https:\/\/himos.fi\/wp-content\/uploads\/2019\/09\/Soveltava-alppih_276_EL.jpg\" \/>\n\t<meta property=\"og:image:width\" content=\"658\" \/>\n\t<meta property=\"og:image:height\" content=\"400\" \/>\n\t<meta property=\"og:image:type\" content=\"image\/jpeg\" \/>\n<meta name=\"twitter:card\" content=\"summary_large_image\" \/>\n<script type=\"application\/ld+json\" class=\"yoast-schema-graph\">{\"@context\":\"https:\/\/schema.org\",\"@graph\":[{\"@type\":\"WebPage\",\"@id\":\"https:\/\/himos.fi\/en\/events\/erityisliikkujien-talvipaiva-lansirinteet-2-556\/\",\"url\":\"https:\/\/himos.fi\/en\/events\/erityisliikkujien-talvipaiva-lansirinteet-2-556\/\",\"name\":\"Erityisliikkujien Talvip\u00e4iv\u00e4 2023, L\u00e4nsirinteet - Himos.fi\",\"isPartOf\":{\"@id\":\"https:\/\/himos.fi\/en\/#website\"},\"datePublished\":\"2023-01-23T08:31:54+00:00\",\"dateModified\":\"2023-03-16T10:47:22+00:00\",\"breadcrumb\":{\"@id\":\"https:\/\/himos.fi\/en\/events\/erityisliikkujien-talvipaiva-lansirinteet-2-556\/#breadcrumb\"},\"inLanguage\":\"en-US\",\"potentialAction\":[{\"@type\":\"ReadAction\",\"target\":[\"https:\/\/himos.fi\/en\/events\/erityisliikkujien-talvipaiva-lansirinteet-2-556\/\"]}]},{\"@type\":\"BreadcrumbList\",\"@id\":\"https:\/\/himos.fi\/en\/events\/erityisliikkujien-talvipaiva-lansirinteet-2-556\/#breadcrumb\",\"itemListElement\":[{\"@type\":\"ListItem\",\"position\":1,\"name\":\"Home\",\"item\":\"https:\/\/himos.fi\/en\/\"},{\"@type\":\"ListItem\",\"position\":2,\"name\":\"Events\",\"item\":\"https:\/\/himos.fi\/en\/events\/\"},{\"@type\":\"ListItem\",\"position\":3,\"name\":\"Erityisliikkujien Talvip\u00e4iv\u00e4 2023, L\u00e4nsirinteet\"}]},{\"@type\":\"WebSite\",\"@id\":\"https:\/\/himos.fi\/en\/#website\",\"url\":\"https:\/\/himos.fi\/en\/\",\"name\":\"Himos.fi\",\"description\":\"Lumi-Suomen keskipiste!\",\"publisher\":{\"@id\":\"https:\/\/himos.fi\/en\/#organization\"},\"potentialAction\":[{\"@type\":\"SearchAction\",\"target\":{\"@type\":\"EntryPoint\",\"urlTemplate\":\"https:\/\/himos.fi\/en\/?s={search_term_string}\"},\"query-input\":\"required name=search_term_string\"}],\"inLanguage\":\"en-US\"},{\"@type\":\"Organization\",\"@id\":\"https:\/\/himos.fi\/en\/#organization\",\"name\":\"Himos-Yhti\u00f6t Oy\",\"url\":\"https:\/\/himos.fi\/en\/\",\"logo\":{\"@type\":\"ImageObject\",\"inLanguage\":\"en-US\",\"@id\":\"https:\/\/himos.fi\/en\/#\/schema\/logo\/image\/\",\"url\":\"https:\/\/himos.fi\/wp-content\/uploads\/2019\/09\/logo-meili.jpg\",\"contentUrl\":\"https:\/\/himos.fi\/wp-content\/uploads\/2019\/09\/logo-meili.jpg\",\"width\":273,\"height\":96,\"caption\":\"Himos-Yhti\u00f6t Oy\"},\"image\":{\"@id\":\"https:\/\/himos.fi\/en\/#\/schema\/logo\/image\/\"},\"sameAs\":[\"https:\/\/www.instagram.com\/himosskiresort\/\",\"https:\/\/www.youtube.com\/channel\/UCwqSxGN5HaqH3FvCl96ZBFw\",\"https:\/\/www.facebook.com\/himosskiresort\/\"]}]}<\/script>\n<!-- \/ Yoast SEO plugin. -->","yoast_head_json":{"title":"Erityisliikkujien Talvip\u00e4iv\u00e4 2023, L\u00e4nsirinteet - Himos.fi","robots":{"index":"index","follow":"follow","max-snippet":"max-snippet:-1","max-image-preview":"max-image-preview:large","max-video-preview":"max-video-preview:-1"},"canonical":"https:\/\/himos.fi\/en\/events\/erityisliikkujien-talvipaiva-lansirinteet-2-556\/","og_locale":"en_US","og_type":"article","og_title":"Erityisliikkujien Talvip\u00e4iv\u00e4 2023, L\u00e4nsirinteet - Himos.fi","og_description":"Tapahtuma on tarkoitettu kaikille erityisliikkujille niin lapsille kuin aikuisille sek\u00e4 heid\u00e4n yst\u00e4villeen, jotka ovat kiinnostuneita talvisista liikuntalajeista. Tarjolla on mukavaa menoa ja rentoa meininki\u00e4 hyv\u00e4ss\u00e4 seurassa! Tapahtuman j\u00e4rjest\u00e4\u00e4 J\u00e4ms\u00e4n kaupunki. Lue Lis\u00e4\u00e4.","og_url":"https:\/\/himos.fi\/en\/events\/erityisliikkujien-talvipaiva-lansirinteet-2-556\/","og_site_name":"Himos.fi","article_publisher":"https:\/\/www.facebook.com\/himosskiresort\/","article_modified_time":"2023-03-16T10:47:22+00:00","og_image":[{"width":658,"height":400,"url":"https:\/\/himos.fi\/wp-content\/uploads\/2019\/09\/Soveltava-alppih_276_EL.jpg","type":"image\/jpeg"}],"twitter_card":"summary_large_image","schema":{"@context":"https:\/\/schema.org","@graph":[{"@type":"WebPage","@id":"https:\/\/himos.fi\/en\/events\/erityisliikkujien-talvipaiva-lansirinteet-2-556\/","url":"https:\/\/himos.fi\/en\/events\/erityisliikkujien-talvipaiva-lansirinteet-2-556\/","name":"Erityisliikkujien Talvip\u00e4iv\u00e4 2023, L\u00e4nsirinteet - Himos.fi","isPartOf":{"@id":"https:\/\/himos.fi\/en\/#website"},"datePublished":"2023-01-23T08:31:54+00:00","dateModified":"2023-03-16T10:47:22+00:00","breadcrumb":{"@id":"https:\/\/himos.fi\/en\/events\/erityisliikkujien-talvipaiva-lansirinteet-2-556\/#breadcrumb"},"inLanguage":"en-US","potentialAction":[{"@type":"ReadAction","target":["https:\/\/himos.fi\/en\/events\/erityisliikkujien-talvipaiva-lansirinteet-2-556\/"]}]},{"@type":"BreadcrumbList","@id":"https:\/\/himos.fi\/en\/events\/erityisliikkujien-talvipaiva-lansirinteet-2-556\/#breadcrumb","itemListElement":[{"@type":"ListItem","position":1,"name":"Home","item":"https:\/\/himos.fi\/en\/"},{"@type":"ListItem","position":2,"name":"Events","item":"https:\/\/himos.fi\/en\/events\/"},{"@type":"ListItem","position":3,"name":"Erityisliikkujien Talvip\u00e4iv\u00e4 2023, L\u00e4nsirinteet"}]},{"@type":"WebSite","@id":"https:\/\/himos.fi\/en\/#website","url":"https:\/\/himos.fi\/en\/","name":"Himos.fi","description":"Lumi-Suomen keskipiste!","publisher":{"@id":"https:\/\/himos.fi\/en\/#organization"},"potentialAction":[{"@type":"SearchAction","target":{"@type":"EntryPoint","urlTemplate":"https:\/\/himos.fi\/en\/?s={search_term_string}"},"query-input":"required name=search_term_string"}],"inLanguage":"en-US"},{"@type":"Organization","@id":"https:\/\/himos.fi\/en\/#organization","name":"Himos-Yhti\u00f6t Oy","url":"https:\/\/himos.fi\/en\/","logo":{"@type":"ImageObject","inLanguage":"en-US","@id":"https:\/\/himos.fi\/en\/#\/schema\/logo\/image\/","url":"https:\/\/himos.fi\/wp-content\/uploads\/2019\/09\/logo-meili.jpg","contentUrl":"https:\/\/himos.fi\/wp-content\/uploads\/2019\/09\/logo-meili.jpg","width":273,"height":96,"caption":"Himos-Yhti\u00f6t Oy"},"image":{"@id":"https:\/\/himos.fi\/en\/#\/schema\/logo\/image\/"},"sameAs":["https:\/\/www.instagram.com\/himosskiresort\/","https:\/\/www.youtube.com\/channel\/UCwqSxGN5HaqH3FvCl96ZBFw","https:\/\/www.facebook.com\/himosskiresort\/"]}]}},"_links":{"self":[{"href":"https:\/\/himos.fi\/en\/wp-json\/wp\/v2\/mec-events\/14486"}],"collection":[{"href":"https:\/\/himos.fi\/en\/wp-json\/wp\/v2\/mec-events"}],"about":[{"href":"https:\/\/himos.fi\/en\/wp-json\/wp\/v2\/types\/mec-events"}],"author":[{"embeddable":true,"href":"https:\/\/himos.fi\/en\/wp-json\/wp\/v2\/users\/2"}],"replies":[{"embeddable":true,"href":"https:\/\/himos.fi\/en\/wp-json\/wp\/v2\/comments?post=14486"}],"wp:featuredmedia":[{"embeddable":true,"href":"https:\/\/himos.fi\/en\/wp-json\/wp\/v2\/media\/1608"}],"wp:attachment":[{"href":"https:\/\/himos.fi\/en\/wp-json\/wp\/v2\/media?parent=14486"}],"wp:term":[{"taxonomy":"post_tag","embeddable":true,"href":"https:\/\/himos.fi\/en\/wp-json\/wp\/v2\/tags?post=14486"},{"taxonomy":"mec_category","embeddable":true,"href":"https:\/\/himos.fi\/en\/wp-json\/wp\/v2\/mec_category?post=14486"}],"curies":[{"name":"wp","href":"https:\/\/api.w.org\/{rel}","templated":true}]}}